{"id":16603,"date":"2024-03-21T19:14:35","date_gmt":"2024-03-21T22:14:35","guid":{"rendered":"https:\/\/inicie.digital\/quien-lo-utiliza\/"},"modified":"2024-04-21T19:03:30","modified_gmt":"2024-04-21T22:03:30","slug":"quien-lo-utiliza","status":"publish","type":"page","link":"https:\/\/inicie.digital\/es\/quien-lo-utiliza\/","title":{"rendered":"Qui\u00e9n lo utiliza"},"content":{"rendered":"\n<div class=\"wp-block-group alignwide has-global-padding is-layout-constrained wp-container-core-group-is-layout-ead34ece wp-block-group-is-layout-constrained\" style=\"padding-top:var(--wp--preset--spacing--60);padding-right:var(--wp--preset--spacing--40);padding-bottom:var(--wp--preset--spacing--60);padding-left:var(--wp--preset--spacing--40)\">\n<figure class=\"wp-block-image aligncenter size-large is-resized\"><img loading=\"lazy\" decoding=\"async\" width=\"1024\" height=\"302\" src=\"https:\/\/inicie.digital\/wp-content\/uploads\/2024\/03\/inicie_hero_quem_utiliza-1024x302.png\" alt=\"\" class=\"wp-image-575\" style=\"width:339px;height:auto\" srcset=\"https:\/\/inicie.digital\/wp-content\/uploads\/2024\/03\/inicie_hero_quem_utiliza-1024x302.png 1024w, https:\/\/inicie.digital\/wp-content\/uploads\/2024\/03\/inicie_hero_quem_utiliza-300x88.png 300w, https:\/\/inicie.digital\/wp-content\/uploads\/2024\/03\/inicie_hero_quem_utiliza-768x226.png 768w, https:\/\/inicie.digital\/wp-content\/uploads\/2024\/03\/inicie_hero_quem_utiliza-1536x453.png 1536w, https:\/\/inicie.digital\/wp-content\/uploads\/2024\/03\/inicie_hero_quem_utiliza.png 1920w\" sizes=\"auto, (max-width: 1024px) 100vw, 1024px\" \/><\/figure>\n<\/div>\n\n\n\n<div class=\"wp-block-group alignwide is-layout-flow wp-block-group-is-layout-flow\" style=\"padding-top:0;padding-right:var(--wp--preset--spacing--40);padding-bottom:var(--wp--preset--spacing--40);padding-left:var(--wp--preset--spacing--40)\">\n<h1 class=\"wp-block-heading has-text-align-center\"><strong>Credibilidad para transformar la educaci\u00f3n privada y p\u00fablica en Am\u00e9rica Latina.<\/strong><\/h1>\n<\/div>\n\n\n\n<div class=\"wp-block-group alignwide is-layout-flow wp-container-core-group-is-layout-a9cfd91a wp-block-group-is-layout-flow\" style=\"padding-top:var(--wp--preset--spacing--50);padding-right:var(--wp--preset--spacing--40);padding-bottom:var(--wp--preset--spacing--50);padding-left:var(--wp--preset--spacing--40)\">\n<div class=\"wp-block-group is-layout-flow wp-block-group-is-layout-flow\">\n<div class=\"wp-block-columns is-layout-flex wp-container-core-columns-is-layout-7fc3d43a wp-block-columns-is-layout-flex\">\n<div class=\"wp-block-column is-vertically-aligned-center is-layout-flow wp-block-column-is-layout-flow\" style=\"flex-basis:50%\">\n<div class=\"wp-block-group alignwide is-layout-flow wp-container-core-group-is-layout-c951c46d wp-block-group-is-layout-flow\">\n<h2 class=\"wp-block-heading\">Innovaci\u00f3n en la<strong> educaci\u00f3n b\u00e1sica<\/strong>.<\/h2>\n\n\n\n<p class=\"has-text-align-left has-large-font-size\">Para los centros escolares, desde la guarder\u00eda hasta el instituto, Inicie ofrece una <strong>soluci\u00f3n completa<\/strong> para mejorar el proceso educativo.<\/p>\n\n\n\n<p class=\"has-text-align-left\" style=\"font-size:clamp(0.984rem, 0.984rem + ((1vw - 0.2rem) * 0.86), 1.5rem);\">Proporcionamos un entorno seguro y eficaz para que los alumnos alcancen todo su potencial y para que los profesores y directivos utilicen la tecnolog\u00eda m\u00e1s avanzada en el aula.<\/p>\n<\/div>\n<\/div>\n\n\n\n<div class=\"wp-block-column is-vertically-aligned-center is-layout-flow wp-block-column-is-layout-flow\" style=\"flex-basis:50%\">\n<figure class=\"wp-block-image aligncenter size-large has-custom-border\"><img loading=\"lazy\" decoding=\"async\" width=\"1024\" height=\"682\" src=\"https:\/\/inicie.digital\/wp-content\/uploads\/2024\/03\/inicie_caso_de_sucesso_exemplo01-1024x682.jpg\" alt=\"\" class=\"wp-image-617\" style=\"border-radius:20px\" srcset=\"https:\/\/inicie.digital\/wp-content\/uploads\/2024\/03\/inicie_caso_de_sucesso_exemplo01-1024x682.jpg 1024w, https:\/\/inicie.digital\/wp-content\/uploads\/2024\/03\/inicie_caso_de_sucesso_exemplo01-300x200.jpg 300w, https:\/\/inicie.digital\/wp-content\/uploads\/2024\/03\/inicie_caso_de_sucesso_exemplo01-768x512.jpg 768w, https:\/\/inicie.digital\/wp-content\/uploads\/2024\/03\/inicie_caso_de_sucesso_exemplo01-1536x1024.jpg 1536w, https:\/\/inicie.digital\/wp-content\/uploads\/2024\/03\/inicie_caso_de_sucesso_exemplo01.jpg 2000w\" sizes=\"auto, (max-width: 1024px) 100vw, 1024px\" \/><\/figure>\n<\/div>\n<\/div>\n<\/div>\n\n\n\n<div class=\"wp-block-group has-base-background-color has-background is-layout-flow wp-block-group-is-layout-flow\">\n<div class=\"wp-block-columns is-layout-flex wp-container-core-columns-is-layout-7fc3d43a wp-block-columns-is-layout-flex\">\n<div class=\"wp-block-column is-vertically-aligned-center is-layout-flow wp-block-column-is-layout-flow\" style=\"border-style:none;border-width:0px;flex-basis:70%\">\n<figure class=\"wp-block-image size-large has-custom-border\"><img loading=\"lazy\" decoding=\"async\" width=\"1024\" height=\"708\" src=\"https:\/\/inicie.digital\/wp-content\/uploads\/2024\/04\/inicie_casos_de_sucesso_silvio_gonzalez-1024x708.jpg\" alt=\"\" class=\"wp-image-16140\" style=\"border-radius:25px\" srcset=\"https:\/\/inicie.digital\/wp-content\/uploads\/2024\/04\/inicie_casos_de_sucesso_silvio_gonzalez-1024x708.jpg 1024w, https:\/\/inicie.digital\/wp-content\/uploads\/2024\/04\/inicie_casos_de_sucesso_silvio_gonzalez-300x208.jpg 300w, https:\/\/inicie.digital\/wp-content\/uploads\/2024\/04\/inicie_casos_de_sucesso_silvio_gonzalez-768x531.jpg 768w, https:\/\/inicie.digital\/wp-content\/uploads\/2024\/04\/inicie_casos_de_sucesso_silvio_gonzalez.jpg 1200w\" sizes=\"auto, (max-width: 1024px) 100vw, 1024px\" \/><\/figure>\n<\/div>\n\n\n\n<div class=\"wp-block-column is-vertically-aligned-center has-base-background-color has-background is-layout-flow wp-block-column-is-layout-flow\" style=\"padding-top:var(--wp--preset--spacing--30);padding-right:var(--wp--preset--spacing--20);padding-bottom:var(--wp--preset--spacing--30);padding-left:var(--wp--preset--spacing--20);flex-basis:50%\">\n<h2 class=\"wp-block-heading\"><strong>Escuela Silvio Gonz\u00e1lez<\/strong><\/h2>\n\n\n\n<p style=\"line-height:1.8\"><em>C\u00f3mo la organizaci\u00f3n afront\u00f3 los retos de la pandemia, invirti\u00f3 en formaci\u00f3n continua y cosech\u00f3 los frutos de la innovaci\u00f3n con la ayuda de Inicie<\/em>.<\/p>\n\n\n\n<div class=\"wp-block-buttons is-layout-flex wp-block-buttons-is-layout-flex\">\n<div class=\"wp-block-button is-style-outline is-style-outline--1\"><a class=\"wp-block-button__link wp-element-button\" href=\"https:\/\/inicie.digital\/a-inovacao-na-educacao-infantil-e-as-possibilidades-de-uma-parceria-de-sucesso-com-o-colegio-silvio-gonzalez\/\">Descubrir \u2192<\/a><\/div>\n<\/div>\n<\/div>\n<\/div>\n<\/div>\n<\/div>\n\n\n\n<div class=\"wp-block-group alignwide is-layout-flow wp-container-core-group-is-layout-a9cfd91a wp-block-group-is-layout-flow\" style=\"padding-top:var(--wp--preset--spacing--50);padding-right:var(--wp--preset--spacing--40);padding-bottom:var(--wp--preset--spacing--50);padding-left:var(--wp--preset--spacing--40)\">\n<div class=\"wp-block-group is-layout-flow wp-block-group-is-layout-flow\">\n<div class=\"wp-block-columns is-layout-flex wp-container-core-columns-is-layout-7fc3d43a wp-block-columns-is-layout-flex\">\n<div class=\"wp-block-column is-vertically-aligned-center is-layout-flow wp-block-column-is-layout-flow\" style=\"flex-basis:50%\">\n<div class=\"wp-block-group alignwide is-layout-flow wp-container-core-group-is-layout-c951c46d wp-block-group-is-layout-flow\">\n<h2 class=\"wp-block-heading\">La evoluci\u00f3n de la <strong>educaci\u00f3n superior y empresarial.<\/strong><\/h2>\n\n\n\n<p class=\"has-text-align-left has-large-font-size\">El mayor reto es adaptar el proceso de ense\u00f1anza actual a las <strong>demandas y deseos de los alumnos,<\/strong> sin olvidar el enfoque profesional y la realidad pr\u00e1ctica.<\/p>\n\n\n\n<p style=\"font-size:clamp(0.875rem, 0.875rem + ((1vw - 0.2rem) * 0.542), 1.2rem);\">Invertir en la formaci\u00f3n de profesionales dentro de la instituci\u00f3n no s\u00f3lo refuerza la calidad de la ense\u00f1anza, sino que tambi\u00e9n prepara a las instituciones para adaptarse a los cambios en el panorama educativo, adem\u00e1s de aumentar su repertorio t\u00e9cnico para nuevas estrategias de ense\u00f1anza y compromiso.<\/p>\n\n\n\n<p style=\"font-size:clamp(0.875rem, 0.875rem + ((1vw - 0.2rem) * 0.542), 1.2rem);\">La tecnolog\u00eda debe apoyar un aumento del compromiso y una visi\u00f3n m\u00e1s realista y pr\u00e1ctica del futuro profesional de los que aprenden.<\/p>\n<\/div>\n<\/div>\n\n\n\n<div class=\"wp-block-column is-vertically-aligned-center is-layout-flow wp-block-column-is-layout-flow\" style=\"flex-basis:50%\">\n<figure class=\"wp-block-image aligncenter size-large has-custom-border\"><img loading=\"lazy\" decoding=\"async\" width=\"1024\" height=\"708\" src=\"https:\/\/inicie.digital\/wp-content\/uploads\/2024\/04\/inicie_quem_utiliza_educacao_basica-1024x708.jpg\" alt=\"\" class=\"wp-image-16024\" style=\"border-radius:20px\" srcset=\"https:\/\/inicie.digital\/wp-content\/uploads\/2024\/04\/inicie_quem_utiliza_educacao_basica-1024x708.jpg 1024w, https:\/\/inicie.digital\/wp-content\/uploads\/2024\/04\/inicie_quem_utiliza_educacao_basica-300x208.jpg 300w, https:\/\/inicie.digital\/wp-content\/uploads\/2024\/04\/inicie_quem_utiliza_educacao_basica-768x531.jpg 768w, https:\/\/inicie.digital\/wp-content\/uploads\/2024\/04\/inicie_quem_utiliza_educacao_basica.jpg 1200w\" sizes=\"auto, (max-width: 1024px) 100vw, 1024px\" \/><\/figure>\n<\/div>\n<\/div>\n<\/div>\n<\/div>\n\n\n\n<hr class=\"wp-block-separator has-alpha-channel-opacity\">\n\n\n\n<div class=\"wp-block-group alignwide is-layout-flow wp-container-core-group-is-layout-a9cfd91a wp-block-group-is-layout-flow\" style=\"padding-top:var(--wp--preset--spacing--50);padding-right:var(--wp--preset--spacing--40);padding-bottom:var(--wp--preset--spacing--50);padding-left:var(--wp--preset--spacing--40)\">\n<div class=\"wp-block-group is-layout-flow wp-block-group-is-layout-flow\">\n<div class=\"wp-block-columns is-layout-flex wp-container-core-columns-is-layout-7fc3d43a wp-block-columns-is-layout-flex\">\n<div class=\"wp-block-column is-vertically-aligned-center is-layout-flow wp-block-column-is-layout-flow\" style=\"flex-basis:50%\">\n<div class=\"wp-block-group alignwide is-layout-flow wp-container-core-group-is-layout-c951c46d wp-block-group-is-layout-flow\">\n<h2 class=\"wp-block-heading\">Los retos del <strong>sector<\/strong> p\u00fablico.<\/h2>\n\n\n\n<p class=\"has-text-align-left has-large-font-size\">Abordar la realidad de las instituciones p\u00fablicas con soluciones factibles de implementar y utilizar, pero con el objetivo de proporcionar las mejores pr\u00e1cticas en el mercado educativo y convertirse en un referente para maximizar el impacto en los procesos humanos y profesionales de los estudiantes.<\/p>\n\n\n\n<p style=\"font-size:clamp(0.875rem, 0.875rem + ((1vw - 0.2rem) * 0.542), 1.2rem);\">Para ello, es necesario observar la realidad de cada localidad y escuela, adaptar la formaci\u00f3n y los contenidos de los equipos y promover entornos de aprendizaje que ampl\u00eden los conocimientos de los profesores e involucren a los alumnos.<\/p>\n\n\n\n<p style=\"font-size:clamp(0.875rem, 0.875rem + ((1vw - 0.2rem) * 0.542), 1.2rem);\">Inicie no proporciona una \u00fanica soluci\u00f3n, sino un ecosistema de productos y servicios que realmente repercuten en el proceso educativo de las instituciones.<\/p>\n<\/div>\n<\/div>\n\n\n\n<div class=\"wp-block-column is-vertically-aligned-center is-layout-flow wp-block-column-is-layout-flow\" style=\"flex-basis:50%\">\n<figure class=\"wp-block-image aligncenter size-large has-custom-border\"><img loading=\"lazy\" decoding=\"async\" width=\"1024\" height=\"708\" src=\"https:\/\/inicie.digital\/wp-content\/uploads\/2024\/04\/inicie_quem_utiliza_setor_publico-1024x708.png\" alt=\"\" class=\"wp-image-16026\" style=\"border-radius:30px\" srcset=\"https:\/\/inicie.digital\/wp-content\/uploads\/2024\/04\/inicie_quem_utiliza_setor_publico-1024x708.png 1024w, https:\/\/inicie.digital\/wp-content\/uploads\/2024\/04\/inicie_quem_utiliza_setor_publico-300x208.png 300w, https:\/\/inicie.digital\/wp-content\/uploads\/2024\/04\/inicie_quem_utiliza_setor_publico-768x531.png 768w, https:\/\/inicie.digital\/wp-content\/uploads\/2024\/04\/inicie_quem_utiliza_setor_publico.png 1200w\" sizes=\"auto, (max-width: 1024px) 100vw, 1024px\" \/><\/figure>\n<\/div>\n<\/div>\n<\/div>\n\n\n\n<div class=\"wp-block-group has-base-background-color has-background is-layout-flow wp-block-group-is-layout-flow\">\n<div class=\"wp-block-columns is-layout-flex wp-container-core-columns-is-layout-7fc3d43a wp-block-columns-is-layout-flex\">\n<div class=\"wp-block-column is-vertically-aligned-center is-layout-flow wp-block-column-is-layout-flow\" style=\"border-style:none;border-width:0px;flex-basis:70%\">\n<figure class=\"wp-block-image aligncenter size-full has-custom-border\"><img loading=\"lazy\" decoding=\"async\" width=\"1200\" height=\"830\" src=\"https:\/\/inicie.digital\/wp-content\/uploads\/2024\/04\/inicie_casos_de_sucesso_cordeiropolis.jpg\" alt=\"\" class=\"wp-image-16133\" style=\"border-radius:25px;object-fit:cover\" srcset=\"https:\/\/inicie.digital\/wp-content\/uploads\/2024\/04\/inicie_casos_de_sucesso_cordeiropolis.jpg 1200w, https:\/\/inicie.digital\/wp-content\/uploads\/2024\/04\/inicie_casos_de_sucesso_cordeiropolis-300x208.jpg 300w, https:\/\/inicie.digital\/wp-content\/uploads\/2024\/04\/inicie_casos_de_sucesso_cordeiropolis-1024x708.jpg 1024w, https:\/\/inicie.digital\/wp-content\/uploads\/2024\/04\/inicie_casos_de_sucesso_cordeiropolis-768x531.jpg 768w\" sizes=\"auto, (max-width: 1200px) 100vw, 1200px\" \/><\/figure>\n<\/div>\n\n\n\n<div class=\"wp-block-column is-vertically-aligned-center has-base-background-color has-background is-layout-flow wp-block-column-is-layout-flow\" style=\"padding-top:var(--wp--preset--spacing--30);padding-right:var(--wp--preset--spacing--20);padding-bottom:var(--wp--preset--spacing--30);padding-left:var(--wp--preset--spacing--20);flex-basis:50%\">\n<h2 class=\"wp-block-heading\"><strong>CME Cordeir\u00f3polis<\/strong><\/h2>\n\n\n\n<p style=\"line-height:1.8\"><em>Con 7 Centros de Educaci\u00f3n Infantil, 2 en proceso de apertura, 6 Escuelas Elementales Municipales, 1 Centro de Atenci\u00f3n Psicopedag\u00f3gica y cerca de 24.514 habitantes, seg\u00fan el censo del IBGE de 2022, el municipio de Cordeir\u00f3polis, situado en S\u00e3o Paulo, mantiene una exitosa colaboraci\u00f3n con Inicie desde 2017.  <\/em><\/p>\n\n\n\n<div class=\"wp-block-buttons is-layout-flex wp-block-buttons-is-layout-flex\">\n<div class=\"wp-block-button is-style-outline is-style-outline--2\"><a class=\"wp-block-button__link wp-element-button\" href=\"https:\/\/inicie.digital\/cordeiropolis-um-caso-de-sucesso-no-ensino-publico-com-parceria-da-inicie\/\">Descubrir \u2192<\/a><\/div>\n<\/div>\n<\/div>\n<\/div>\n<\/div>\n<\/div>\n","protected":false},"excerpt":{"rendered":"<p>Credibilidad para transformar la educaci\u00f3n privada y p\u00fablica en Am\u00e9rica Latina. Innovaci\u00f3n en la educaci\u00f3n b\u00e1sica. Para los centros escolares, desde la guarder\u00eda hasta el instituto, Inicie ofrece una soluci\u00f3n completa para mejorar el proceso educativo. Proporcionamos un entorno seguro y eficaz para que los alumnos alcancen todo su potencial y para que los profesores [&hellip;]<\/p>\n","protected":false},"author":2,"featured_media":16177,"parent":0,"menu_order":0,"comment_status":"closed","ping_status":"closed","template":"page-no-title","meta":{"_monsterinsights_skip_tracking":false,"_monsterinsights_sitenote_active":false,"_monsterinsights_sitenote_note":"","_monsterinsights_sitenote_category":0,"footnotes":""},"class_list":["post-16603","page","type-page","status-publish","has-post-thumbnail","hentry"],"_links":{"self":[{"href":"https:\/\/inicie.digital\/es\/wp-json\/wp\/v2\/pages\/16603","targetHints":{"allow":["GET"]}}],"collection":[{"href":"https:\/\/inicie.digital\/es\/wp-json\/wp\/v2\/pages"}],"about":[{"href":"https:\/\/inicie.digital\/es\/wp-json\/wp\/v2\/types\/page"}],"author":[{"embeddable":true,"href":"https:\/\/inicie.digital\/es\/wp-json\/wp\/v2\/users\/2"}],"replies":[{"embeddable":true,"href":"https:\/\/inicie.digital\/es\/wp-json\/wp\/v2\/comments?post=16603"}],"version-history":[{"count":2,"href":"https:\/\/inicie.digital\/es\/wp-json\/wp\/v2\/pages\/16603\/revisions"}],"predecessor-version":[{"id":16630,"href":"https:\/\/inicie.digital\/es\/wp-json\/wp\/v2\/pages\/16603\/revisions\/16630"}],"wp:featuredmedia":[{"embeddable":true,"href":"https:\/\/inicie.digital\/es\/wp-json\/wp\/v2\/media\/16177"}],"wp:attachment":[{"href":"https:\/\/inicie.digital\/es\/wp-json\/wp\/v2\/media?parent=16603"}],"curies":[{"name":"wp","href":"https:\/\/api.w.org\/{rel}","templated":true}]}}